{"id":3,"date":"2021-02-26T08:27:15","date_gmt":"2021-02-26T07:27:15","guid":{"rendered":"https:\/\/www.coferm.it\/?page_id=3"},"modified":"2024-06-17T09:43:32","modified_gmt":"2024-06-17T07:43:32","slug":"privacy-policy","status":"publish","type":"page","link":"https:\/\/www.coferm.it\/en\/privacy-policy\/","title":{"rendered":"GDPR"},"content":{"rendered":"<p>[vc_row cspt-bg-color=&#8221;light&#8221; full_width=&#8221;stretch_row&#8221; css=&#8221;.vc_custom_1699607093525{padding-bottom: 60px !important;}&#8221;][vc_column][vc_column_text]<\/p>\n<p>Gentile Utente,<br \/>\nil 25 maggio 2018 \u00e8 entrato in vigore il nuovo Regolamento Europeo (UE) 2016\/679 (GDPR) che definisce le regole di protezione dei dati personali.<br \/>\nL\u2019informativa \u00e8 lo strumento che utilizziamo per fornirvi tutte le informazioni utili a comprendere chi, quando, dove, come e perch\u00e9 tratta e conserva i Vostri dati personali. Una misura di dovuta trasparenza che Vi permetter\u00e0 di esercitare pienamente i diritti previsti dal Regolamento.<br \/>\nIn caso di dubbi, quesiti o problemi Vi preghiamo di contattare direttamente il Titolare del Trattamento, inviando una richiesta indirizzata a:<\/p>\n<p>Sede: Interporto Marche, Via Coppetella, 60035 Jesi (AN)<br \/>\nTel.: 0731 081050<br \/>\ne-mail: info@coferm.it<br \/>\nSito web: https:\/\/www.coferm.it\/<\/p>\n<p>[\/vc_column_text][vc_row_inner css=&#8221;.vc_custom_1699608495248{padding-top: 5px !important;}&#8221;][vc_column_inner width=&#8221;1\/3&#8243;][vc_btn title=&#8221;PRIVACY CLIENTI&#8221; style=&#8221;flat&#8221; shape=&#8221;square&#8221; align=&#8221;center&#8221; link=&#8221;url:https%3A%2F%2Fwww.coferm.it%2Fprivacy-policy%2F%23clienti&#8221;][\/vc_column_inner][vc_column_inner width=&#8221;1\/3&#8243;][vc_btn title=&#8221;PRIVACY FORNITORI&#8221; style=&#8221;flat&#8221; shape=&#8221;square&#8221; align=&#8221;center&#8221; link=&#8221;url:https%3A%2F%2Fwww.coferm.it%2Fprivacy-policy%2F%23fornitori&#8221;][\/vc_column_inner][vc_column_inner width=&#8221;1\/3&#8243;][vc_btn title=&#8221;PRIVACY DATI WEB&#8221; style=&#8221;flat&#8221; shape=&#8221;square&#8221; align=&#8221;center&#8221; link=&#8221;url:https%3A%2F%2Fwww.coferm.it%2Fprivacy-policy%2F%23iubenda&#8221;][\/vc_column_inner][vc_column_inner width=&#8221;1\/2&#8243; css=&#8221;.vc_custom_1699608660165{padding-top: 20px !important;}&#8221;][vc_column_text]<\/p>\n<p>REGOLAMENTO GENERALE SULLA PROTEZIONE DEI DATI<br \/>\nRegolamento (UE) 2016\/679 del Parlamento europeo<br \/>\ndel Consiglio del 27 aprile 2016<\/p>\n<p>[\/vc_column_text][vc_btn title=&#8221;SCARICA&#8221; style=&#8221;flat&#8221; shape=&#8221;square&#8221; align=&#8221;center&#8221; link=&#8221;url:https%3A%2F%2Fwww.coferm.it%2Fwp-content%2Fuploads%2F2023%2F11%2Freg-ue.pdf&#8221;][\/vc_column_inner][vc_column_inner width=&#8221;1\/2&#8243; css=&#8221;.vc_custom_1699608665662{padding-top: 20px !important;}&#8221;][vc_column_text]<\/p>\n<p>DOCUMENTO DI ESERCIZIO DI DIRITTI IN MATERIA DI PROTEZIONE DEI DATI PERSONALI<br \/>\n(artt. 15-22 del Regolamento (UE) 2016\/679)<\/p>\n<p>[\/vc_column_text][vc_btn title=&#8221;SCARICA&#8221; style=&#8221;flat&#8221; shape=&#8221;square&#8221; align=&#8221;center&#8221; link=&#8221;url:https%3A%2F%2Fwww.coferm.it%2Fwp-content%2Fuploads%2F2023%2F11%2FMX-2614N_20231108_093134.pdf&#8221;][\/vc_column_inner][\/vc_row_inner][\/vc_column][\/vc_row][vc_row cspt-bg-color=&#8221;light&#8221; full_width=&#8221;stretch_row&#8221; css=&#8221;.vc_custom_1699607093525{padding-bottom: 60px !important;}&#8221; el_id=&#8221;clienti&#8221;][vc_column][vc_column_text]<\/p>\n<p>INFORMATIVA PRIVACY CLIENTI<\/p>\n<p>Artt. 13 -14 Reg. UE 2016\/679 \u201cGDPR\u201d<\/p>\n<p>CHI \u00c8 IL TITOLARE DEL TRATTAMENTO?<\/p>\n<p>Il Titolare del trattamento dei dati \u00e8 CO.FER.M. SPA, Via Coppetella 4, 60035 Jesi (AN) , info@coferm.it- cofermspa@pecraccomandata.it, T. 0731 081050\u00a0Maggiori informazioni sul sito: https:\/\/www.coferm.it\/<\/p>\n<p>QUAL \u00c8 LA FINALIT\u00c0 DEL TRATTAMENTO?<\/p>\n<p>In osservanza al Regolamento Ue 2016\/679 relativo al trattamento dei dati personali e loro libera circolazione e al D.Lgs. 196\/2003 e s.m.i. \u201cCodice in materia di protezione dei dati personali\u201d, La informiamo, in qualit\u00e0 di \u201cInteressato\u201d, che trattiamo i Suoi dati per compiere le seguenti attivit\u00e0:<\/p>\n<p>finalit\u00e0 contrattuali, amministrative, fiscali e contabili e infine per il riscontro delle richieste di informazioni inoltrate o comunque richieste per legge;<\/p>\n<p>In caso si verifichi la necessit\u00e0 di dover perseguire ulteriori finalit\u00e0 di trattamento dei suoi dati, che non sono state indicate nella presente informativa, sar\u00e0 nostra cura informarla preventivamente sulle nuove modalit\u00e0 di trattamento.<\/p>\n<p>SU CHE BASE GIURIDICA TRATTIAMO I DATI?<\/p>\n<p>Le basi giuridiche variano a seconda delle finalit\u00e0 perseguite e sopra indicate, per cui, in riferimento al punto:<\/p>\n<p>Ai sensi dell\u2019art. 6 GDPR, lett. b) e c) il trattamento \u00e8 necessario all\u2019esecuzione di un contratto di cui l\u2019interessato \u00e8 parte o all\u2019esecuzione di misure precontrattuali adottate su richiesta dello stesso, oltrech\u00e9 per adempiere gli obblighi legali a cui \u00e8 soggetto il titolare del trattamento.<\/p>\n<p>DA CHI RACCOGLIAMO I DATI?<\/p>\n<p>Raccogliamo sempre, laddove possibile, i dati personali direttamente dall\u2019Interessato. In alternativa, alcuni dati possono essere compilati da dei familiari.<\/p>\n<p>CHE CATEGORIE DI DATI TRATTIAMO?<\/p>\n<p>Principalmente richiediamo e trattiamo solamente dati personali catalogati come \u201ccomuni\u201d, quali nome, cognome, codice fiscale, p. iva, e-mail, numero telefonico. In alcuni casi tuttavia, potrebbe essere essenziale trattare anche dati catalogati come \u201cparticolari\u201d. In questi casi sar\u00e0 nostra responsabilit\u00e0 comunicarvi le informazioni specifiche relative all&#8217;uso, alla base giuridica e alle finalit\u00e0 del trattamento.<\/p>\n<p>Il conferimento di dati personali comuni (opportunamente specificati in fase di instaurazione del rapporto) \u00e8 obbligatorio per poter usufruire dei nostri servizi. In mancanza degli stessi, non potremo fornire un servizio adeguato; o fornirlo nei tempi richiesti; o potrebbe comportare la parziale, o totale, mancata esecuzione dell\u2019attivit\u00e0 affidata. Per i trattamenti connessi alla finalit\u00e0 di cui alla lettera c), il conferimento dei dati \u00e8 facoltativo e sempre revocabile.<\/p>\n<p>A CHI COMUNICHIAMO I DATI PERSONALI?<\/p>\n<p>I dati sono trattati presso la sede legale e operativa del Titolare del trattamento ed in ogni altro luogo in cui le parti coinvolte nel trattamento possono essere localizzate. I Suoi dati personali potranno essere comunicati ad enti pubblici e istituzioni preposte, al fine di rispettare gli obblighi previsti dalle leggi e dai regolamenti, cos\u00ec come potranno essere comunicati ad aziende esterne che svolgono attivit\u00e0 in outsourcing per conto del Titolare del trattamento, nella loro qualit\u00e0 di responsabili del trattamento. Tali responsabili del trattamento dei dati sono da noi preventivamente accreditati e autorizzati a trattare i dati esclusivamente per le finalit\u00e0 sopra descritte, ivi compresa la corretta gestione del rapporto contrattuale instaurato tra le parti. Tutti i responsabili del trattamento sono stati individuati singolarmente, all\u2019interno del nostro di sistema di gestione, e hanno ricevuto idonee istruzioni per garantire i diritti degli interessati, oltre alla prescrizione dell\u2019obbligo di rispettare il diritto di riservatezza.<\/p>\n<p>COME TRATTIAMO I DATI?<\/p>\n<p>I Suoi dati personali saranno trattati dal Titolare tramite l\u2019utilizzo del formato cartaceo e digitale.<\/p>\n<p>Soltanto il personale autorizzato dal Titolare potr\u00e0 accedervi per effettuare le operazioni di trattamento o di manutenzione dei sistemi. Adottiamo tutte le misure tecniche e organizzative utili ad evitare problemi di accesso non autorizzato, divulgazione, modifica o distruzione.\u00a0 Precisiamo inoltre che non utilizziamo all\u2019interno della nostra organizzazione, un processo decisionale automatizzato.<\/p>\n<p>I DATI VENGONO TRASFERITI IN PAESI EXTRA UE?<\/p>\n<p>I Suoi dati non saranno trasferiti in Paesi terzi non appartenenti all\u2019Unione Europea e con normative di protezione dei dati personali non allineate al GDPR; inoltre non saranno oggetto da parte nostra di alcuna diffusione a terzi non autorizzati per finalit\u00e0 diverse da quelle riportate nella presente informativa.<\/p>\n<p>QUANTO CONSERVIAMO I DATI?<\/p>\n<p>Tratteremo i Suoi dati per il tempo necessario al raggiungimento delle finalit\u00e0 indicate, per le quali sono stati raccolti, e verranno conservati per tutta la durata del rapporto contrattuale. Potranno inoltre essere mantenuti anche dopo la cessazione del rapporto, per l\u2019intera durata necessaria all\u2019estinzione delle obbligazioni contrattualmente assunte e per espletare i relativi adempimenti previsti dalle norme legislative vigenti. Al termine del periodo previsto, i dati verranno distrutti, riconsegnati o trattati garantendo il rispetto del principio di minimizzazione, a tutela dei diritti e libert\u00e0 dell\u2019interessato e custodendoli sempre con misure di sicurezza tecniche e organizzative adeguate. I dati conferiti dietro consenso vengono trattati fino a revoca del consenso stesso.<\/p>\n<p>QUALI SONO I SUOI DIRITTI?<\/p>\n<p>L&#8217;interessato ha diritto di chiedere al Titolare del trattamento l&#8217;accesso ai dati personali e la rettifica o la cancellazione degli stessi o la limitazione dei trattamenti che lo riguardano o di opporsi al loro trattamento, oltre al diritto alla portabilit\u00e0 dei dati, ai sensi del GDPR e, pertanto, in qualsiasi momento pu\u00f2 richiedere una copia digitale degli stessi o il trasferimento automatico ad altre aziende. Nei casi previsti, pu\u00f2 anche opporsi o revocare il consenso prestato. Resta fermo il diritto per l&#8217;interessato di proporre reclamo innanzi all&#8217;Autorit\u00e0 Garante per la Protezione dei Dati Personali (www.garanteprivacy.it). L\u2019eventuale richiesta di esercizio dei diritti sar\u00e0 valutata nei limiti degli artt. 23 GDPR e 2-undecies e 2-duodecies Codice Privacy. Per esercitare tali diritti o per avere informazioni sul loro contenuto, La invitiamo a inviare una richiesta via e-mail all\u2019indirizzo del Titolare del Trattamento, sopra indicato, utilizzando il \u201cModulo per l&#8217;Esercizio dei Diritti dell\u2019Interessato\u201d messo a disposizione sul sito aziendale.<\/p>\n<p>[\/vc_column_text][\/vc_column][\/vc_row][vc_row cspt-bg-color=&#8221;light&#8221; full_width=&#8221;stretch_row&#8221; el_id=&#8221;fornitori&#8221; css=&#8221;.vc_custom_1699609398533{margin-bottom: 0px !important;padding-bottom: 10px !important;}&#8221;][vc_column][vc_column_text]<\/p>\n<p>INFORMATIVA PRIVACY FORNITORI<\/p>\n<p>Artt. 13 -14 Reg. UE 2016\/679 \u201cGDPR\u201d<\/p>\n<p>CHI \u00c8 IL TITOLARE DEL TRATTAMENTO?<\/p>\n<p>Il Titolare del trattamento dei dati \u00e8 CO.FER.M. SPA, Via Coppetella 4, 60035 Jesi (AN) , info@coferm.it- cofermspa@pecraccomandata.it, T. 0731 081050<br \/>\nMaggiori informazioni sul sito: https:\/\/www.coferm.it\/<\/p>\n<p>QUAL \u00c8 LA FINALIT\u00c0 DEL TRATTAMENTO?<\/p>\n<p>Trattiamo i Suoi dati per finalit\u00e0 procedurali riferite alla gestione dei fornitori in adempimento agli obblighi contrattuali e di legge come previsto dalle norme civilistiche, fiscali, contabili, di gestione amministrativa e di sicurezza. Inoltre, potranno essere elaborati anche per una programmazione delle attivit\u00e0 di fornitura, storico ordini, servizi di controllo interno, valutazione della qualit\u00e0 dei servizi erogati, gestione dei reclami e per il riscontro delle richieste di informazioni inoltrate. All\u2019interno della nostra organizzazione, potranno essere raccolti e catalogati i dati di recapito diretto (numero di telefono, e-mail, dati di contatto, ecc.) riferiti ai suoi lavoratori e collaboratori e anche dati specifici aziendali sempre inerenti al contratto in essere tra le parti, al fine di migliorare le relative referenze.<\/p>\n<p>SU CHE BASE GIURIDICA TRATTIAMO I DATI?<\/p>\n<p>Ai sensi dell\u2019art. 6 GDPR, lett. b),\u00a0 il trattamento \u00e8 necessario all\u2019esecuzione di un contratto di cui l\u2019interessato \u00e8 parte.<\/p>\n<p>DA CHI RACCOGLIAMO I DATI?<\/p>\n<p>Raccogliamo sempre, laddove possibile, i dati personali direttamente dall\u2019Interessato. Se necessario ai fini del rapporto con l\u2019Interessato, eventualmente, facciamo richieste a enti pubblici o svolgiamo delle ricerche presso registri e\/o banche dati pubbliche<\/p>\n<p>CHE CATEGORIE DI DATI TRATTIAMO?<\/p>\n<p>Principalmente richiediamo e trattiamo solamente dati personali catalogati come \u201ccomuni\u201d. Il conferimento di alcuni dati personali \u00e8 obbligatorio per poter dar seguito al rapporto di fornitura e ai relativi adempimenti, quindi, in mancanza degli stessi, non potremo dar seguito al rapporto.<\/p>\n<p>A CHI COMUNICHIAMO I DATI PERSONALI?<\/p>\n<p>I dati sono trattati presso la sede legale e operativa del Titolare del trattamento ed in ogni altro luogo in cui le parti coinvolte nel trattamento possono essere localizzate. Laddove previsto, i Suoi dati personali possono essere comunicati agli altri enti pubblici rispettando gli obblighi previsti dalle leggi e dai regolamenti. Se del caso, potranno essere comunicati ad aziende esterne che svolgono attivit\u00e0 in\u00a0outsourcing\u00a0per conto del Titolare, nella loro qualit\u00e0 di responsabili del trattamento.<\/p>\n<p>COME TRATTIAMO I DATI?<\/p>\n<p>I Suoi dati personali saranno trattati dal Titolare tramite l\u2019utilizzo del formato cartaceo e digitale.<\/p>\n<p>Soltanto il personale autorizzato dal Titolare potr\u00e0 accedervi per effettuare le operazioni di trattamento o di manutenzione dei sistemi. Adottiamo tutte le misure tecniche e organizzative utili ad evitare problemi di accesso non autorizzato, divulgazione, modifica o distruzione.\u00a0 Precisiamo inoltre che non utilizziamo all\u2019interno della nostra organizzazione, un processo decisionale automatizzato, compresa la profilazione, che produce effetti giuridici che La riguardano e\/o che incidano significativamente sulla Sua persona.<\/p>\n<p>I DATI VENGONO TRASFERITI IN PAESI EXTRA UE?<\/p>\n<p>I Suoi dati non saranno trasferiti in Paesi terzi non appartenenti all\u2019Unione Europea e con normative di protezione dei dati personali non allineate al GDPR; inoltre non saranno oggetto da parte nostra di alcuna diffusione a terzi non autorizzati per finalit\u00e0 diverse da quelle riportate nella presente informativa.<\/p>\n<p>QUANTO CONSERVIAMO I DATI?<\/p>\n<p>Tratteremo i Suoi dati per il tempo necessario al raggiungimento delle finalit\u00e0 indicate per le quali sono stati raccolti e verranno conservati per tutta la durata del rapporto contrattuale. Potranno inoltre essere mantenuti anche dopo la cessazione del rapporto per l\u2019intera durata necessaria all\u2019estinzione delle obbligazioni contrattualmente assunte e per espletare i relativi adempimenti previsti dalle norme legislative vigenti. Al termine del periodo previsto, i dati verranno distrutti, riconsegnati o trattati garantendo il rispetto del principio di minimizzazione a tutela dei diritti e libert\u00e0 dell\u2019interessato e custodendoli sempre con misure di sicurezza tecniche e organizzative adeguate.<\/p>\n<p>QUALI SONO I SUOI DIRITTI?<\/p>\n<p>L&#8217;interessato ha diritto di chiedere al Titolare del trattamento l&#8217;accesso ai dati personali e la rettifica o la cancellazione degli stessi o la limitazione dei trattamenti che lo riguardano o di opporsi al loro trattamento, oltre al diritto alla portabilit\u00e0 dei dati, ai sensi del GDPR e, pertanto, in qualsiasi momento pu\u00f2 richiedere una copia digitale degli stessi o il trasferimento automatico ad altre aziende. Nei casi previsti, pu\u00f2 anche opporsi o revocare il consenso prestato. Resta fermo il diritto per l&#8217;interessato di proporre reclamo innanzi all&#8217;Autorit\u00e0 Garante per la Protezione dei Dati Personali (www.garanteprivacy.it). L\u2019eventuale richiesta di esercizio dei diritti sar\u00e0 valutata nei limiti degli artt. 23 GDPR e 2-undecies e 2-duodecies Codice Privacy. Per esercitare tali diritti o per avere informazioni sul loro contenuto, La invitiamo a inviare una richiesta via e-mail all\u2019indirizzo del Titolare del Trattamento , sopra indicato, utilizzando il \u201cModulo per l&#8217;Esercizio dei Diritti dell\u2019Interessato\u201d messo a disposizione sul sito aziendale.<\/p>\n<p>[\/vc_column_text][\/vc_column][\/vc_row][vc_row cspt-bg-color=&#8221;light&#8221; full_width=&#8221;stretch_row&#8221; css=&#8221;.vc_custom_1699609429502{margin-top: 0px !important;padding-top: 0px !important;padding-bottom: 60px !important;}&#8221; el_id=&#8221;iubenda&#8221;][vc_column][vc_column_text]<a class=\"iubenda-white no-brand iubenda-noiframe iubenda-embed iubenda-noiframe \" title=\"Privacy Policy \" href=\"https:\/\/www.iubenda.com\/privacy-policy\/80726757\">Privacy Policy<\/a><script type=\"text\/javascript\">(function (w,d) {var loader = function () {var s = d.createElement(\"script\"), tag = d.getElementsByTagName(\"script\")[0]; s.src=\"https:\/\/cdn.iubenda.com\/iubenda.js\"; tag.parentNode.insertBefore(s,tag);}; if(w.addEventListener){w.addEventListener(\"load\", loader, false);}else if(w.attachEvent){w.attachEvent(\"onload\", loader);}else{w.onload = loader;}})(window, document);<\/script><a class=\"iubenda-white no-brand iubenda-noiframe iubenda-embed iubenda-noiframe \" title=\"Cookie Policy \" href=\"https:\/\/www.iubenda.com\/privacy-policy\/80726757\/cookie-policy\">Cookie Policy<\/a><script type=\"text\/javascript\">(function (w,d) {var loader = function () {var s = d.createElement(\"script\"), tag = d.getElementsByTagName(\"script\")[0]; s.src=\"https:\/\/cdn.iubenda.com\/iubenda.js\"; tag.parentNode.insertBefore(s,tag);}; if(w.addEventListener){w.addEventListener(\"load\", loader, false);}else if(w.attachEvent){w.attachEvent(\"onload\", loader);}else{w.onload = loader;}})(window, document);<\/script>[\/vc_column_text][\/vc_column][\/vc_row]<\/p>","protected":false},"excerpt":{"rendered":"<p>[vc_row cspt-bg-color=&#8221;light&#8221; full_width=&#8221;stretch_row&#8221; css=&#8221;.vc_custom_1699607093525{padding-bottom: 60px !important;}&#8221;][vc_column][vc_column_text] Gentile Utente, il 25 maggio 2018 \u00e8 entrato in vigore il nuovo Regolamento Europeo (UE) 2016\/679 (GDPR) che definisce le regole di protezione dei dati personali. L\u2019informativa \u00e8 lo strumento che utilizziamo per fornirvi tutte le informazioni utili a comprendere chi, quando, dove, come e perch\u00e9 tratta e conserva [&hellip;]<\/p>\n","protected":false},"author":1,"featured_media":0,"parent":0,"menu_order":0,"comment_status":"closed","ping_status":"open","template":"","meta":{"footnotes":""},"class_list":["post-3","page","type-page","status-publish","hentry"],"_links":{"self":[{"href":"https:\/\/www.coferm.it\/en\/wp-json\/wp\/v2\/pages\/3","targetHints":{"allow":["GET"]}}],"collection":[{"href":"https:\/\/www.coferm.it\/en\/wp-json\/wp\/v2\/pages"}],"about":[{"href":"https:\/\/www.coferm.it\/en\/wp-json\/wp\/v2\/types\/page"}],"author":[{"embeddable":true,"href":"https:\/\/www.coferm.it\/en\/wp-json\/wp\/v2\/users\/1"}],"replies":[{"embeddable":true,"href":"https:\/\/www.coferm.it\/en\/wp-json\/wp\/v2\/comments?post=3"}],"version-history":[{"count":15,"href":"https:\/\/www.coferm.it\/en\/wp-json\/wp\/v2\/pages\/3\/revisions"}],"predecessor-version":[{"id":12226,"href":"https:\/\/www.coferm.it\/en\/wp-json\/wp\/v2\/pages\/3\/revisions\/12226"}],"wp:attachment":[{"href":"https:\/\/www.coferm.it\/en\/wp-json\/wp\/v2\/media?parent=3"}],"curies":[{"name":"wp","href":"https:\/\/api.w.org\/{rel}","templated":true}]}}